{"id":6339,"date":"2022-06-15T09:19:43","date_gmt":"2022-06-15T07:19:43","guid":{"rendered":"https:\/\/www.renaresort.it\/a-propos-de-nous\/"},"modified":"2025-02-17T14:32:09","modified_gmt":"2025-02-17T13:32:09","slug":"a-propos-de-nous","status":"publish","type":"page","link":"https:\/\/www.renaresort.it\/fr\/a-propos-de-nous\/","title":{"rendered":"\u00c0 propos de nous"},"content":{"rendered":"\t\t<div data-elementor-type=\"wp-page\" data-elementor-id=\"6339\" class=\"elementor elementor-6339 elementor-4928\" data-elementor-post-type=\"page\">\n\t\t\t\t\t\t<section class=\"elementor-section elementor-top-section elementor-element elementor-element-3ffcb35 elementor-section-full_width qodef-elementor-content-grid elementor-section-height-default elementor-section-height-default\" data-id=\"3ffcb35\" data-element_type=\"section\" data-e-type=\"section\">\n\t\t\t\t\t\t<div class=\"elementor-container elementor-column-gap-no\">\n\t\t\t\t\t<div class=\"elementor-column elementor-col-100 elementor-top-column elementor-element elementor-element-935c5ec\" data-id=\"935c5ec\" data-element_type=\"column\" data-e-type=\"column\">\n\t\t\t<div class=\"elementor-widget-wrap elementor-element-populated\">\n\t\t\t\t\t\t<div class=\"elementor-element elementor-element-4c7511c elementor-widget elementor-widget-alloggio_core_section_title\" data-id=\"4c7511c\" data-element_type=\"widget\" data-e-type=\"widget\" data-widget_type=\"alloggio_core_section_title.default\">\n\t\t\t\t<div class=\"elementor-widget-container\">\n\t\t\t\t\t<div class=\"qodef-shortcode qodef-m  qodef-section-title qodef-alignment--center\">\n\t\t<h2 class=\"qodef-m-title\" >\n\t\t\t\t\tCe qu'on dit de nous\t\t\t<\/h2>\n\t\t<span class=\"qodef-m-text\" >Notre \u00e9quipe est compos\u00e9e de professionnels accueillants et d\u00e9vou\u00e9s, pr\u00eats \u00e0 r\u00e9pondre \u00e0 tous vos besoins et d\u00e9sirs pendant votre exp\u00e9rience.<\/span>\n<\/div>\t\t\t\t<\/div>\n\t\t\t\t<\/div>\n\t\t\t\t\t<\/div>\n\t\t<\/div>\n\t\t\t\t\t<\/div>\n\t\t<\/section>\n\t\t\t\t<section class=\"elementor-section elementor-top-section elementor-element elementor-element-fc5a160 elementor-section-full_width elementor-section-height-default elementor-section-height-default qodef-elementor-content-no\" data-id=\"fc5a160\" data-element_type=\"section\" data-e-type=\"section\">\n\t\t\t\t\t\t<div class=\"elementor-container elementor-column-gap-no\">\n\t\t\t\t\t<div class=\"elementor-column elementor-col-100 elementor-top-column elementor-element elementor-element-26341f7\" data-id=\"26341f7\" data-element_type=\"column\" data-e-type=\"column\">\n\t\t\t<div class=\"elementor-widget-wrap elementor-element-populated\">\n\t\t\t\t\t\t<div class=\"elementor-element elementor-element-16d3839 elementor-widget elementor-widget-alloggio_core_pricing_table\" data-id=\"16d3839\" data-element_type=\"widget\" data-e-type=\"widget\" data-widget_type=\"alloggio_core_pricing_table.default\">\n\t\t\t\t<div class=\"elementor-widget-container\">\n\t\t\t\t\t<div class=\"qodef-shortcode qodef-m  qodef-pricing-table qodef-layout--standard qodef-status--regular\" >\n\t<div class=\"qodef-m-inner\">\n\t\t\t\t\t\t\t<div class=\"qodef-m-content\"><p><strong>Giuseppe<\/strong><\/p><p>J'ai eu le plaisir d'accueillir parents et amis dans cet endroit merveilleux de la c\u00f4te domitienne pour la premi\u00e8re communion de mon fils.... Le resort est un lieu f\u00e9erique dont on tombe amoureux d\u00e8s qu'on en franchit le seuil ! La beaut\u00e9 enchanteresse du lieu, la tranquillit\u00e9, l'excellente qualit\u00e9 de la nourriture, la courtoisie et la gentillesse des propri\u00e9taires et de tout le personnel, sont la carte de visite pour c\u00e9l\u00e9brer un \u00e9v\u00e9nement ou passer des vacances impeccables en l'harmonie.<\/p><p>Pour de futurs \u00e9v\u00e9nements familiaux, ce sera certainement l'endroit d\u00e9j\u00e0 r\u00e9serv\u00e9 !<\/p><p><b>Roberto<\/b><\/p><p>Avec la famille, nous avons s\u00e9journ\u00e9 ici pendant quelques jours au mois d'ao\u00fbt.<\/p><p>\u00c9tablissement tr\u00e8s bien entretenu qui se concentre sur la qualit\u00e9 et non sur les grands nombres. Un endroit id\u00e9al si vous voulez passer quelques jours \u00e0 se d\u00e9connecter et profiter de la mer. Les chambres sont spacieuses et nettoy\u00e9es tous les jours.<\/p><p>La plage priv\u00e9e dispose de quelques parasols, ce qui garantit la d\u00e9tente par rapport aux plages bond\u00e9es qui caract\u00e9risent la plupart des stations baln\u00e9aires et des lidos. La mer est tr\u00e8s peu profonde et propre, id\u00e9ale pour les enfants.<\/p><p>Je recommande l'option pension compl\u00e8te : la nourriture est superbe, en particulier les premiers plats sont spectaculaires.<\/p><p><span class=\"Apple-converted-space\">\u00a0<\/span><\/p><p><b>Emilio<\/b><\/p><p>Ce n'est pas un lieu, c'est LE LIEU.<\/p><p>Ce n'\u00e9tait pas un \u00e9v\u00e9nement, c'\u00e9tait L'\u00c9V\u00c9NEMENT.<\/p><p>Ce n'\u00e9tait pas un jour, c'\u00e9tait LE JOUR.<\/p><p>Notre jour PARFAIT !<\/p><p>Accueillis d\u00e8s le premier instant avec beaucoup d'empathie par la talentueuse \u00ab h\u00f4tesse \u00bb Margherita, nous avons \u00e9t\u00e9 mis \u00e0 l'aise et avons \u00e9t\u00e9 exauc\u00e9s dans toutes nos demandes.<\/p><p>Le chef ex\u00e9cutif Nicola, un professionnel exemplaire et comp\u00e9tent comme il y en a peu, nous a conseill\u00e9s de la meilleure fa\u00e7on possible pour impressionner les nombreux invit\u00e9s venus de l'ext\u00e9rieur de la r\u00e9gion.<\/p><p>Et Paolo, avec son style et sa clairvoyance, ne rate jamais une occasion, tenace et passionn\u00e9 comme peu d'autres.<\/p><p>Tout le personnel \u00e9tait joyeux, amical et professionnel, nous n'aurions pas pu r\u00eaver mieux.<\/p><p>Vous \u00eates le beau visage de notre territoire, l'excellence \u00e0 pr\u00e9server et \u00e0 partir de laquelle il faut repartir.<\/p><p>Tenez bon, sans pr\u00e9cipitation mais sans arr\u00eat!!<\/p><p>VIVEMENT RECOMMAND\u00c9 !<\/p><p><span class=\"Apple-converted-space\">\u00a0<\/span><\/p><p><b>Rita<\/b><\/p><p>J'ai d\u00e9couvert l'\u00e9tablissement sous tous ses aspects, de la mer au s\u00e9jour, en passant par la restauration, o\u00f9 l'on respire un air de professionnalisme et de gentillesse. Tout est ax\u00e9 sur la satisfaction du client, et les d\u00eeners au bord de la mer avec l'un des plus beaux couchers de soleil de Campanie sont un v\u00e9ritable enchantement. La structure refl\u00e8te parfaitement la personnalit\u00e9 de Margherita et Paolo, qui ont fait preuve d'engagement, de d\u00e9vouement et de sacrifice dans leur projet.<\/p><p><span class=\"Apple-converted-space\">\u00a0<\/span><\/p><p><b>Pierino<\/b><\/p><p>Nous avons pass\u00e9 de merveilleuses vacances, tout \u00e9tait parfait<\/p><p>de la chambre (m\u00eame sur deux \u00e9tages avec deux lits doubles)<\/p><p>\u00e0 la plage avec beaucoup d'espace entre les parasols. La nourriture \u00e9tait de grande qualit\u00e9 et tr\u00e8s bien cuisin\u00e9e.<\/p><p>Pour finir la propri\u00e9t\u00e9 : Tr\u00e8s gentils et tr\u00e8s disponibles MERCI<\/p><p>Nous reviendrons certainement.<\/p><p><b>Maria Cristina<\/b><\/p><p>Des vacances merveilleuses et profond\u00e9ment r\u00e9g\u00e9n\u00e9rantes apr\u00e8s une ann\u00e9e bien remplie ! L'endroit ressemble \u00e0 une petite oasis, belle, \u00e9l\u00e9gante et soign\u00e9e dans les moindres d\u00e9tails, le personnel est aimable et serviable et la nourriture est excellente !<\/p><p>L'absence de barri\u00e8res architecturales et la mer peu profonde sur plusieurs m\u00e8tres rendent l'\u00e9tablissement parfait m\u00eame pour ceux qui, comme moi, ont de jeunes enfants.<\/p><p>J'ai h\u00e2te de revenir !<\/p><p><span class=\"Apple-converted-space\">\u00a0<\/span><\/p><p><b>Diego<\/b><\/p><p>J'ai admir\u00e9 cet endroit d\u00e8s le premier instant. Mes invit\u00e9s m'ont compliment\u00e9 sur tout. Service impeccable et nourriture de la plus haute qualit\u00e9. Merci pour tout<\/p><p><b>Gilda<\/b><\/p><p>J'ai pass\u00e9 un excellent s\u00e9jour au Rena Resort de Mondragone, que j'ai trouv\u00e9 tr\u00e8s accueillant. Vue sur la mer, sable propre, jardins soign\u00e9s. Le service client est excellent et les chambres tr\u00e8s propres et \u00e9quip\u00e9es de tout le confort. Je reviendrai.<\/p><p><span class=\"Apple-converted-space\">\u00a0<\/span><\/p><p><b>Lucia<\/b><\/p><p>Excellente exp\u00e9rience pour l'anniversaire de ma fille. Magnifique emplacement sur la plage, nourriture et personnel excellents. Tout le monde \u00e9tait tr\u00e8s gentil.<\/p><p><b>Valentina<\/b><\/p><p>Endroit charmant... D\u00e9tente et bonne cuisine.<\/p><p>J'ai assist\u00e9 \u00e0 une f\u00eate pour un 25\u00e8me anniversaire de mariage, on s'y sent bien et la nourriture est bonne.<\/p><p><span class=\"Apple-converted-space\">\u00a0<\/span><\/p><p><b>Mario<\/b><\/p><p>Lieu soign\u00e9 dans les moindres d\u00e9tails. Chambres technologiquement avanc\u00e9es. Excellent accueil de la part de la direction et professionnalisme du personnel.<\/p><p><b>Giacomo<\/b><\/p><p>Je suis retourn\u00e9e avec plaisir dans ce bel \u00e9tablissement apr\u00e8s y avoir f\u00eat\u00e9 l'anniversaire de mon fils.<\/p><p>L'atmosph\u00e8re est toujours agr\u00e9able et relaxante, mais aussi tr\u00e8s chic. La vue, sur une plage toujours bien entretenue, est \u00e0 couper le souffle. Le jardin et la salle, meubl\u00e9s avec un go\u00fbt sobre et \u00e9l\u00e9gant, sont tr\u00e8s accueillants. La cuisine propose un menu riche et vari\u00e9 qui satisfait pleinement le palais et l'\u0153il. Les propri\u00e9taires et le personnel sont disponibles et extr\u00eamement professionnels. Je le recommande vivement \u00e0 tous.<\/p><p><b>Rosi<\/b><\/p><p>Nous avons organis\u00e9 une f\u00eate pour un dix-huiti\u00e8me anniversaire, tout \u00e9tait parfait... la f\u00eate a \u00e9t\u00e9 un succ\u00e8s et nous \u00e9tions vraiment heureux ! excellente nourriture, personnel et propri\u00e9taires tr\u00e8s gentils et super disponibles, nous reviendrons sans aucun doute la prochaine fois !<\/p><p><b>Elisa<\/b><\/p><p>Un site magnifique accompagn\u00e9 d'une nourriture et d'un service excellents et d'une attention particuli\u00e8re aux d\u00e9tails. La salle ext\u00e9rieure a une vue vraiment incroyable, directement sur la mer. Tout est parfait, je le recommande vivement.<\/p><p><b>Maria Grazia<\/b><\/p><p>Le complexe Rena est un endroit charmant au bord de la mer. C'est l\u00e0 que j'ai f\u00eat\u00e9 ma retraite, sous les gazebos d\u00e9ploy\u00e9s sur le magnifique tapis de gazon soign\u00e9. Le d\u00e9jeuner de poisson \u00e9tait excellent. La gentillesse et la disponibilit\u00e9 nous ont permis de nous sentir comme chez nous.<\/p><p><b>Lucia<\/b><\/p><p>Nous avons choisi le Rena Resort pour c\u00e9l\u00e9brer le 18\u00e8me anniversaire de ma fille, un endroit parfait pour une soir\u00e9e d'\u00e9t\u00e9. L'atmosph\u00e8re est chaleureuse, le personnel extr\u00eamement disponible et les propri\u00e9taires fantastiques ! Que dire de plus : professionnalisme, excellente cuisine, simplicit\u00e9 et authenticit\u00e9 au bord de la mer !<\/p><p><b>Marika<\/b><\/p><p>Tr\u00e8s belle situation, une magnifique terrasse avec vue sur la mer. Le personnel est sympathique et tout est soign\u00e9 dans les moindres d\u00e9tails. Excellente cuisine \u00e0 base de poissons de grande qualit\u00e9 avec une attention particuli\u00e8re \u00e0 la pr\u00e9sentation des plats. Les propri\u00e9taires sont accueillants et disponibles. Je reviendrai certainement c\u00e9l\u00e9brer mon prochain \u00e9v\u00e9nement au Rena Resort.<\/p><p><b>Federico<\/b><\/p><p>La paix et le calme y r\u00e8gnent. La plage est \u00e9quip\u00e9e de parasols et de tentes de type \u00ab carib\u00e9en \u00bb, ce qui la rend tr\u00e8s accueillante et la distingue nettement des autres \u00e9tablissements voisins. Chacun dispose d'un espace plus que suffisant. Les chambres et les meubles sont neufs. Les zones du bar et du restaurant sont bien d\u00e9finies et tr\u00e8s bien entretenues. Le personnel est tr\u00e8s aimable et disponible. La direction est pr\u00e9sente et tr\u00e8s attentive aux besoins.<\/p><p><b>Claudia<\/b><\/p><p>Un endroit paradisiaque ! Si vous voulez passer des journ\u00e9es fantastiques, pr\u00e9cipitez-vous dans ce complexe.<span class=\"Apple-converted-space\">\u00a0<\/span><\/p><p>Mer magnifique, belle plage, nourriture de qualit\u00e9 sup\u00e9rieure, chambres confortables et d'une propret\u00e9 irr\u00e9prochable ! Le personnel serviable et les propri\u00e9taires sont fantastiques, professionnels, et aiment tellement choyer leurs clients qu'ils cr\u00e9ent une excellente relation ! Id\u00e9al pour les adultes et les enfants. Cela fait deux ans que nous venons en vacances ici et je reviendrai certainement avec ma famille cette ann\u00e9e encore car c'est un endroit qui r\u00e9g\u00e9n\u00e8re ! Essayez-le pour le croire<\/p><\/div>\n\t\t\t<div class=\"qodef-m-button clear\">\n\t\t<a class=\"qodef-shortcode qodef-m  qodef-button qodef-layout--outlined  qodef-html--link\" href=\"\" target=\"_self\" data-hover-color=\"#02010100\" data-hover-background-color=\"#02010100\" style=\"color: #02010100;border-color: #02010100;margin: 53px 0 0 0\">\t<span class=\"qodef-m-text\"><\/span>\t<span class=\"qodef-m-background-holder\" style=\"background-color: #02010100\"><\/span><\/a>\t<\/div>\n\t<\/div>\n<\/div>\t\t\t\t<\/div>\n\t\t\t\t<\/div>\n\t\t\t\t\t<\/div>\n\t\t<\/div>\n\t\t\t\t\t<\/div>\n\t\t<\/section>\n\t\t\t\t<section class=\"elementor-section elementor-top-section elementor-element elementor-element-cae0696 elementor-section-boxed elementor-section-height-default elementor-section-height-default qodef-elementor-content-no\" data-id=\"cae0696\" data-element_type=\"section\" data-e-type=\"section\">\n\t\t\t\t\t\t<div class=\"elementor-container elementor-column-gap-default\">\n\t\t\t\t\t<div class=\"elementor-column elementor-col-100 elementor-top-column elementor-element elementor-element-054adb5\" data-id=\"054adb5\" data-element_type=\"column\" data-e-type=\"column\">\n\t\t\t<div class=\"elementor-widget-wrap elementor-element-populated\">\n\t\t\t\t\t\t<div class=\"elementor-element elementor-element-a1049d1 elementor-widget elementor-widget-spacer\" data-id=\"a1049d1\" data-element_type=\"widget\" data-e-type=\"widget\" data-widget_type=\"spacer.default\">\n\t\t\t\t<div class=\"elementor-widget-container\">\n\t\t\t\t\t\t\t<div class=\"elementor-spacer\">\n\t\t\t<div class=\"elementor-spacer-inner\"><\/div>\n\t\t<\/div>\n\t\t\t\t\t\t<\/div>\n\t\t\t\t<\/div>\n\t\t\t\t\t<\/div>\n\t\t<\/div>\n\t\t\t\t\t<\/div>\n\t\t<\/section>\n\t\t\t\t<\/div>\n\t\t","protected":false},"excerpt":{"rendered":"<p>Ce qu&rsquo;on dit de nous Notre \u00e9quipe est compos\u00e9e de professionnels accueillants et d\u00e9vou\u00e9s, pr\u00eats \u00e0 r\u00e9pondre \u00e0 tous vos besoins et d\u00e9sirs pendant votre exp\u00e9rience. Giuseppe J&rsquo;ai eu le plaisir d&rsquo;accueillir parents et amis dans cet endroit merveilleux de la c\u00f4te domitienne pour la premi\u00e8re communion de mon fils&#8230;. Le resort est un lieu [&hellip;]<\/p>\n","protected":false},"author":1,"featured_media":0,"parent":0,"menu_order":0,"comment_status":"closed","ping_status":"closed","template":"page-full-width.php","meta":{"inline_featured_image":false,"footnotes":""},"class_list":["post-6339","page","type-page","status-publish","hentry"],"yoast_head":"<!-- This site is optimized with the Yoast SEO plugin v27.4 - https:\/\/yoast.com\/product\/yoast-seo-wordpress\/ -->\n<title>\u00c0 propos de nous - Renaresort.it<\/title>\n<meta name=\"robots\" content=\"index, follow, max-snippet:-1, max-image-preview:large, max-video-preview:-1\" \/>\n<link rel=\"canonical\" href=\"https:\/\/www.renaresort.it\/fr\/a-propos-de-nous\/\" \/>\n<meta property=\"og:locale\" content=\"fr_FR\" \/>\n<meta property=\"og:type\" content=\"article\" \/>\n<meta property=\"og:title\" content=\"\u00c0 propos de nous - Renaresort.it\" \/>\n<meta property=\"og:description\" content=\"Ce qu&rsquo;on dit de nous Notre \u00e9quipe est compos\u00e9e de professionnels accueillants et d\u00e9vou\u00e9s, pr\u00eats \u00e0 r\u00e9pondre \u00e0 tous vos besoins et d\u00e9sirs pendant votre exp\u00e9rience. Giuseppe J&rsquo;ai eu le plaisir d&rsquo;accueillir parents et amis dans cet endroit merveilleux de la c\u00f4te domitienne pour la premi\u00e8re communion de mon fils&#8230;. Le resort est un lieu [&hellip;]\" \/>\n<meta property=\"og:url\" content=\"https:\/\/www.renaresort.it\/fr\/a-propos-de-nous\/\" \/>\n<meta property=\"og:site_name\" content=\"Renaresort.it\" \/>\n<meta property=\"article:modified_time\" content=\"2025-02-17T13:32:09+00:00\" \/>\n<meta name=\"twitter:card\" content=\"summary_large_image\" \/>\n<meta name=\"twitter:label1\" content=\"Dur\u00e9e de lecture estim\u00e9e\" \/>\n\t<meta name=\"twitter:data1\" content=\"7 minutes\" \/>\n<script type=\"application\/ld+json\" class=\"yoast-schema-graph\">{\"@context\":\"https:\\\/\\\/schema.org\",\"@graph\":[{\"@type\":\"WebPage\",\"@id\":\"https:\\\/\\\/www.renaresort.it\\\/fr\\\/a-propos-de-nous\\\/\",\"url\":\"https:\\\/\\\/www.renaresort.it\\\/fr\\\/a-propos-de-nous\\\/\",\"name\":\"\u00c0 propos de nous - Renaresort.it\",\"isPartOf\":{\"@id\":\"https:\\\/\\\/www.renaresort.it\\\/#website\"},\"datePublished\":\"2022-06-15T07:19:43+00:00\",\"dateModified\":\"2025-02-17T13:32:09+00:00\",\"inLanguage\":\"fr-FR\",\"potentialAction\":[{\"@type\":\"ReadAction\",\"target\":[\"https:\\\/\\\/www.renaresort.it\\\/fr\\\/a-propos-de-nous\\\/\"]}]},{\"@type\":\"WebSite\",\"@id\":\"https:\\\/\\\/www.renaresort.it\\\/#website\",\"url\":\"https:\\\/\\\/www.renaresort.it\\\/\",\"name\":\"Renaresort.it\",\"description\":\"\",\"potentialAction\":[{\"@type\":\"SearchAction\",\"target\":{\"@type\":\"EntryPoint\",\"urlTemplate\":\"https:\\\/\\\/www.renaresort.it\\\/?s={search_term_string}\"},\"query-input\":{\"@type\":\"PropertyValueSpecification\",\"valueRequired\":true,\"valueName\":\"search_term_string\"}}],\"inLanguage\":\"fr-FR\"}]}<\/script>\n<!-- \/ Yoast SEO plugin. -->","yoast_head_json":{"title":"\u00c0 propos de nous - Renaresort.it","robots":{"index":"index","follow":"follow","max-snippet":"max-snippet:-1","max-image-preview":"max-image-preview:large","max-video-preview":"max-video-preview:-1"},"canonical":"https:\/\/www.renaresort.it\/fr\/a-propos-de-nous\/","og_locale":"fr_FR","og_type":"article","og_title":"\u00c0 propos de nous - Renaresort.it","og_description":"Ce qu&rsquo;on dit de nous Notre \u00e9quipe est compos\u00e9e de professionnels accueillants et d\u00e9vou\u00e9s, pr\u00eats \u00e0 r\u00e9pondre \u00e0 tous vos besoins et d\u00e9sirs pendant votre exp\u00e9rience. Giuseppe J&rsquo;ai eu le plaisir d&rsquo;accueillir parents et amis dans cet endroit merveilleux de la c\u00f4te domitienne pour la premi\u00e8re communion de mon fils&#8230;. Le resort est un lieu [&hellip;]","og_url":"https:\/\/www.renaresort.it\/fr\/a-propos-de-nous\/","og_site_name":"Renaresort.it","article_modified_time":"2025-02-17T13:32:09+00:00","twitter_card":"summary_large_image","twitter_misc":{"Dur\u00e9e de lecture estim\u00e9e":"7 minutes"},"schema":{"@context":"https:\/\/schema.org","@graph":[{"@type":"WebPage","@id":"https:\/\/www.renaresort.it\/fr\/a-propos-de-nous\/","url":"https:\/\/www.renaresort.it\/fr\/a-propos-de-nous\/","name":"\u00c0 propos de nous - Renaresort.it","isPartOf":{"@id":"https:\/\/www.renaresort.it\/#website"},"datePublished":"2022-06-15T07:19:43+00:00","dateModified":"2025-02-17T13:32:09+00:00","inLanguage":"fr-FR","potentialAction":[{"@type":"ReadAction","target":["https:\/\/www.renaresort.it\/fr\/a-propos-de-nous\/"]}]},{"@type":"WebSite","@id":"https:\/\/www.renaresort.it\/#website","url":"https:\/\/www.renaresort.it\/","name":"Renaresort.it","description":"","potentialAction":[{"@type":"SearchAction","target":{"@type":"EntryPoint","urlTemplate":"https:\/\/www.renaresort.it\/?s={search_term_string}"},"query-input":{"@type":"PropertyValueSpecification","valueRequired":true,"valueName":"search_term_string"}}],"inLanguage":"fr-FR"}]}},"_links":{"self":[{"href":"https:\/\/www.renaresort.it\/fr\/wp-json\/wp\/v2\/pages\/6339","targetHints":{"allow":["GET"]}}],"collection":[{"href":"https:\/\/www.renaresort.it\/fr\/wp-json\/wp\/v2\/pages"}],"about":[{"href":"https:\/\/www.renaresort.it\/fr\/wp-json\/wp\/v2\/types\/page"}],"author":[{"embeddable":true,"href":"https:\/\/www.renaresort.it\/fr\/wp-json\/wp\/v2\/users\/1"}],"replies":[{"embeddable":true,"href":"https:\/\/www.renaresort.it\/fr\/wp-json\/wp\/v2\/comments?post=6339"}],"version-history":[{"count":5,"href":"https:\/\/www.renaresort.it\/fr\/wp-json\/wp\/v2\/pages\/6339\/revisions"}],"predecessor-version":[{"id":6345,"href":"https:\/\/www.renaresort.it\/fr\/wp-json\/wp\/v2\/pages\/6339\/revisions\/6345"}],"wp:attachment":[{"href":"https:\/\/www.renaresort.it\/fr\/wp-json\/wp\/v2\/media?parent=6339"}],"curies":[{"name":"wp","href":"https:\/\/api.w.org\/{rel}","templated":true}]}}